{"id":2,"date":"2019-05-20T10:32:07","date_gmt":"2019-05-20T08:32:07","guid":{"rendered":"http:\/\/yves-lebesgue.fr\/?page_id=2"},"modified":"2021-10-10T11:32:34","modified_gmt":"2021-10-10T09:32:34","slug":"page-d-exemple","status":"publish","type":"page","link":"https:\/\/yves-lebesgue.fr\/index.php\/page-d-exemple\/","title":{"rendered":"Le \u00ab\u00a0don\u00a0\u00bb prend tout son sens"},"content":{"rendered":"\n<p class=\"has-vivid-red-color has-text-color has-large-font-size\"><em>Vendre ses toiles pour soutenir la recherche &#8230;<\/em><\/p>\n\n\n\n<blockquote class=\"wp-block-quote is-layout-flow wp-block-quote-is-layout-flow\"><p><strong>Peindre pour vaincre la maladie<\/strong><br>Toute sa vie de travail, toute sa vie d\u2019entrepreneur Yves Lebesgue a appr\u00e9ci\u00e9, critiqu\u00e9, observ\u00e9, Mais surtout, il a aid\u00e9 tous ceux qui l\u2019ont crois\u00e9<br>Participer aux causes les plus nobles, les plus urgentes a toujours \u00e9t\u00e9 son \u00e9tat d\u2019\u00eatre Participant financi\u00e8rement<br>Participant en s\u2019impliquant personnellement.<br>A la retraite, car il a fini par vieillir<br>Il continue \u00e0 aider, \u00e0 participer, \u00e0 aimer, \u00e0 enseigner tous ses savoirs.<br>Yves Lebesgue peint depuis toujours Et plus encore ces derni\u00e8res ann\u00e9es<br>Il n\u2019avait jamais voulu vendre ses toiles<br>Non par orgueil<br>Mais par plaisir de partager, il a toujours pr\u00e9f\u00e9r\u00e9 offrir le \u00ab Beau \u00bb<br>Depuis l\u2019annonce de sa maladie<br>Et confront\u00e9 \u00e0 l\u2019incommensurable besoin d\u2019aider la recherche sur la FPI, sa maladie, Yves Lebesgue a d\u00e9cid\u00e9 de vendre l&rsquo;ensemble de ses tableaux<br>Au profit de l\u2019INSERM &#8211; UMR1152 en charge de cette recherche<br>Pr\u00f4nant encore et toujours la th\u00e9rapie par le \u00ab Beau \u00bb<br>Vendre, oui, mais pour un vrai but !<br>Pour Yves Lebesgue, il faut que les actes aient du sens.<\/p><\/blockquote>\n\n\n\n<div class=\"wp-block-image\"><figure class=\"aligncenter size-large\"><img loading=\"lazy\" decoding=\"async\" width=\"1024\" height=\"768\" src=\"https:\/\/yves-lebesgue.fr\/wp-content\/uploads\/2020\/12\/P5250024-1024x768.jpg\" alt=\"\" class=\"wp-image-409\" srcset=\"https:\/\/yves-lebesgue.fr\/wp-content\/uploads\/2020\/12\/P5250024-1024x768.jpg 1024w, https:\/\/yves-lebesgue.fr\/wp-content\/uploads\/2020\/12\/P5250024-300x225.jpg 300w, https:\/\/yves-lebesgue.fr\/wp-content\/uploads\/2020\/12\/P5250024-768x576.jpg 768w, https:\/\/yves-lebesgue.fr\/wp-content\/uploads\/2020\/12\/P5250024-1536x1152.jpg 1536w, https:\/\/yves-lebesgue.fr\/wp-content\/uploads\/2020\/12\/P5250024-2048x1536.jpg 2048w, https:\/\/yves-lebesgue.fr\/wp-content\/uploads\/2020\/12\/P5250024-120x90.jpg 120w\" sizes=\"auto, (max-width: 1024px) 100vw, 1024px\" \/><figcaption>Danielle Lebesgue, Yves Lebesgue, Fran\u00e7oise Enjalran (APEFPI), Pr Bruno Crestani (INSERM)<\/figcaption><\/figure><\/div>\n\n\n\n<p><\/p>\n\n\n\n<p><\/p>\n\n\n\n<p>Atteint de&nbsp;<strong>Fibrose Pulmonaire Idiopathique<\/strong>,&nbsp;Yves Lebesgue, met en vente 100 de ses tableaux au profit du laboratoire <strong>INSERM UMR 1152<\/strong>, laboratoire de recherche sur cette maladie pulmonaire rare d\u00e9g\u00e9n\u00e9rative et \u00e9volutive.<br>Pour chaque tableau vendu, 70% du montant, \u00e9ligibles \u00e0 une d\u00e9duction d&rsquo;imp\u00f4t, sont directement vers\u00e9s au laboratoire INSERM U1152<br>30 % sont allou\u00e9s aux frais d\u2019expositions et d\u2019organisation.<br>Yves Lebesgue apporte par l\u2019Art, sa contribution \u00e0 la recherche et \u00e0 la mise en place&nbsp;d\u2019essais th\u00e9rapeutiques.<br><em>La premi\u00e8re exposition de cette op\u00e9ration a eu lieu dans un lieu mythique&nbsp;:&nbsp;&nbsp;l\u2019atelier secondaire du peintre Daubigny,&nbsp;<strong>\u00ab&nbsp;La Maison Rose&nbsp;\u00bb<\/strong> \u00e0 <strong>Auvers-sur-Oise,<\/strong> du 23 mai au 1\u00b0 juin 2019.<\/em><\/p>\n\n\n\n<p class=\"has-text-align-center\"><\/p>\n\n\n\n<p class=\"has-text-align-center\"><strong>Peindre pour vaincre la maladie<\/strong><br><em>&#8211;<\/em><span class=\"has-inline-color has-vivid-red-color\"><em> en dehors du planning des expositions, vous pouvez acqu\u00e9rir un tableau via ce site sur la page \u00ab\u00a0contactez nous\u00a0\u00bb<\/em><\/span><\/p>\n\n\n\n<p class=\"has-text-align-center\"><strong>Acheter une \u0153uvre pour sauver<\/strong><span class=\"has-inline-color has-vivid-red-color\"><br><em>&#8211; un don direct \u00e0 l&rsquo;UMR 1152, sans acquisition de tableau peut \u00eatre fait via ce site sur la page \u00ab\u00a0contactez nous\u00a0\u00bb<\/em><\/span><br><\/p>\n\n\n\n<p>\u00ab\u00a0<strong>FPI\u00a0\u00bb<\/strong> <strong>Fibrose Pulmonaire Idiopathique : qu&rsquo;est ce que c&rsquo;est ?<\/strong><br><br><strong>La maladie : <\/strong><br>pour comprendre, visitez le site de l&rsquo; APEFPI, association de soutien aux malades de cette maladie :  <a href=\"https:\/\/fpi-asso.com\" target=\"_blank\" rel=\"noreferrer noopener\">https:\/\/fpi-asso.com<\/a><br>L\u2019APEFPI a \u00e9t\u00e9 cr\u00e9\u00e9e en 2011 pour faire connaitre la F.P.I. au grand public et porter la voix des patients FPI dans les institutions en charge de la sant\u00e9 comme dans les rangs des professionnels de sant\u00e9.<br><br><strong>La recherche :<\/strong><br>La FPI (Fibrose Pulmonaire Idiopatique), est une maladie rare.<br>Au sein de l&rsquo;INSERM, une unit\u00e9 est particuli\u00e8rement charg\u00e9e de la recherche sp\u00e9cifique, pour aider \u00e0 vivre, \u00e0 se prot\u00e9ger, \u00e0 gu\u00e9rir peut-\u00eatre. <br><a href=\"https:\/\/u1152.inserm.fr\" target=\"_blank\" rel=\"noreferrer noopener\">https:\/\/u1152.inserm.fr<\/a><br>Le projet de recherche de l&rsquo;UMR 1152 est ax\u00e9 sur l&rsquo;identification des facteurs et m\u00e9canismes sous-jacents l&rsquo;apparition et la progression des maladies pulmonaires aigu\u00ebs et chroniques, comme l&rsquo;asthme, la BPCO\/emphys\u00e8me, la fibrose pulmonaire et le ALI\/SDRA.<br><br><strong>Les dons :<\/strong><br>Toute recherche n\u00e9cessite des moyens, Yves Lebesgue a choisi de participer par son art, pour une maladie qui, malheureusement le touche de pr\u00e8s.<br><\/p>\n\n\n\n<p><\/p>\n\n\n\n<p><em><br><\/em><\/p>\n","protected":false},"excerpt":{"rendered":"<p>Vendre ses toiles pour soutenir la recherche &#8230; Peindre pour vaincre la maladieToute sa vie de travail, toute sa vie d\u2019entrepreneur Yves Lebesgue a appr\u00e9ci\u00e9, critiqu\u00e9, observ\u00e9, Mais surtout, il a aid\u00e9 tous ceux qui l\u2019ont crois\u00e9Participer aux causes les plus nobles, les plus urgentes a toujours \u00e9t\u00e9 son \u00e9tat d\u2019\u00eatre Participant financi\u00e8rementParticipant en s\u2019impliquant&hellip;<\/p>\n","protected":false},"author":1,"featured_media":0,"parent":0,"menu_order":0,"comment_status":"closed","ping_status":"open","template":"","meta":{"footnotes":""},"class_list":["post-2","page","type-page","status-publish","hentry"],"yoast_head":"<!-- This site is optimized with the Yoast SEO plugin v20.3 - https:\/\/yoast.com\/wordpress\/plugins\/seo\/ -->\n<title>Le &quot;don&quot; prend tout son sens - Yves Lebesgue<\/title>\n<meta name=\"robots\" content=\"index, follow, max-snippet:-1, max-image-preview:large, max-video-preview:-1\" \/>\n<link rel=\"canonical\" href=\"https:\/\/yves-lebesgue.fr\/index.php\/page-d-exemple\/\" \/>\n<meta property=\"og:locale\" content=\"fr_FR\" \/>\n<meta property=\"og:type\" content=\"article\" \/>\n<meta property=\"og:title\" content=\"Le &quot;don&quot; prend tout son sens - Yves Lebesgue\" \/>\n<meta property=\"og:description\" content=\"Vendre ses toiles pour soutenir la recherche &#8230; Peindre pour vaincre la maladieToute sa vie de travail, toute sa vie d\u2019entrepreneur Yves Lebesgue a appr\u00e9ci\u00e9, critiqu\u00e9, observ\u00e9, Mais surtout, il a aid\u00e9 tous ceux qui l\u2019ont crois\u00e9Participer aux causes les plus nobles, les plus urgentes a toujours \u00e9t\u00e9 son \u00e9tat d\u2019\u00eatre Participant financi\u00e8rementParticipant en s\u2019impliquant&hellip;\" \/>\n<meta property=\"og:url\" content=\"https:\/\/yves-lebesgue.fr\/index.php\/page-d-exemple\/\" \/>\n<meta property=\"og:site_name\" content=\"Yves Lebesgue\" \/>\n<meta property=\"article:modified_time\" content=\"2021-10-10T09:32:34+00:00\" \/>\n<meta property=\"og:image\" content=\"https:\/\/yves-lebesgue.fr\/wp-content\/uploads\/2020\/12\/P5250024-1024x768.jpg\" \/>\n<meta name=\"twitter:card\" content=\"summary_large_image\" \/>\n<meta name=\"twitter:label1\" content=\"Dur\u00e9e de lecture estim\u00e9e\" \/>\n\t<meta name=\"twitter:data1\" content=\"3 minutes\" \/>\n<script type=\"application\/ld+json\" class=\"yoast-schema-graph\">{\"@context\":\"https:\/\/schema.org\",\"@graph\":[{\"@type\":\"WebPage\",\"@id\":\"https:\/\/yves-lebesgue.fr\/index.php\/page-d-exemple\/\",\"url\":\"https:\/\/yves-lebesgue.fr\/index.php\/page-d-exemple\/\",\"name\":\"Le \\\"don\\\" prend tout son sens - Yves Lebesgue\",\"isPartOf\":{\"@id\":\"https:\/\/yves-lebesgue.fr\/#website\"},\"datePublished\":\"2019-05-20T08:32:07+00:00\",\"dateModified\":\"2021-10-10T09:32:34+00:00\",\"breadcrumb\":{\"@id\":\"https:\/\/yves-lebesgue.fr\/index.php\/page-d-exemple\/#breadcrumb\"},\"inLanguage\":\"fr-FR\",\"potentialAction\":[{\"@type\":\"ReadAction\",\"target\":[\"https:\/\/yves-lebesgue.fr\/index.php\/page-d-exemple\/\"]}]},{\"@type\":\"BreadcrumbList\",\"@id\":\"https:\/\/yves-lebesgue.fr\/index.php\/page-d-exemple\/#breadcrumb\",\"itemListElement\":[{\"@type\":\"ListItem\",\"position\":1,\"name\":\"Accueil\",\"item\":\"https:\/\/yves-lebesgue.fr\/\"},{\"@type\":\"ListItem\",\"position\":2,\"name\":\"Le \u00ab\u00a0don\u00a0\u00bb prend tout son sens\"}]},{\"@type\":\"WebSite\",\"@id\":\"https:\/\/yves-lebesgue.fr\/#website\",\"url\":\"https:\/\/yves-lebesgue.fr\/\",\"name\":\"Yves Lebesgue\",\"description\":\"Peintre du vexin\",\"publisher\":{\"@id\":\"https:\/\/yves-lebesgue.fr\/#\/schema\/person\/ced448ce2b003f27c8bdc3309bf31be2\"},\"potentialAction\":[{\"@type\":\"SearchAction\",\"target\":{\"@type\":\"EntryPoint\",\"urlTemplate\":\"https:\/\/yves-lebesgue.fr\/?s={search_term_string}\"},\"query-input\":\"required name=search_term_string\"}],\"inLanguage\":\"fr-FR\"},{\"@type\":[\"Person\",\"Organization\"],\"@id\":\"https:\/\/yves-lebesgue.fr\/#\/schema\/person\/ced448ce2b003f27c8bdc3309bf31be2\",\"name\":\"Yves\",\"image\":{\"@type\":\"ImageObject\",\"inLanguage\":\"fr-FR\",\"@id\":\"https:\/\/yves-lebesgue.fr\/#\/schema\/person\/image\/\",\"url\":\"https:\/\/secure.gravatar.com\/avatar\/481ddd57edab14b629ac4c492da6578dc0738ab08c2386303151cf9178df4793?s=96&d=mm&r=g\",\"contentUrl\":\"https:\/\/secure.gravatar.com\/avatar\/481ddd57edab14b629ac4c492da6578dc0738ab08c2386303151cf9178df4793?s=96&d=mm&r=g\",\"caption\":\"Yves\"},\"logo\":{\"@id\":\"https:\/\/yves-lebesgue.fr\/#\/schema\/person\/image\/\"}}]}<\/script>\n<!-- \/ Yoast SEO plugin. -->","yoast_head_json":{"title":"Le \"don\" prend tout son sens - Yves Lebesgue","robots":{"index":"index","follow":"follow","max-snippet":"max-snippet:-1","max-image-preview":"max-image-preview:large","max-video-preview":"max-video-preview:-1"},"canonical":"https:\/\/yves-lebesgue.fr\/index.php\/page-d-exemple\/","og_locale":"fr_FR","og_type":"article","og_title":"Le \"don\" prend tout son sens - Yves Lebesgue","og_description":"Vendre ses toiles pour soutenir la recherche &#8230; Peindre pour vaincre la maladieToute sa vie de travail, toute sa vie d\u2019entrepreneur Yves Lebesgue a appr\u00e9ci\u00e9, critiqu\u00e9, observ\u00e9, Mais surtout, il a aid\u00e9 tous ceux qui l\u2019ont crois\u00e9Participer aux causes les plus nobles, les plus urgentes a toujours \u00e9t\u00e9 son \u00e9tat d\u2019\u00eatre Participant financi\u00e8rementParticipant en s\u2019impliquant&hellip;","og_url":"https:\/\/yves-lebesgue.fr\/index.php\/page-d-exemple\/","og_site_name":"Yves Lebesgue","article_modified_time":"2021-10-10T09:32:34+00:00","og_image":[{"url":"https:\/\/yves-lebesgue.fr\/wp-content\/uploads\/2020\/12\/P5250024-1024x768.jpg"}],"twitter_card":"summary_large_image","twitter_misc":{"Dur\u00e9e de lecture estim\u00e9e":"3 minutes"},"schema":{"@context":"https:\/\/schema.org","@graph":[{"@type":"WebPage","@id":"https:\/\/yves-lebesgue.fr\/index.php\/page-d-exemple\/","url":"https:\/\/yves-lebesgue.fr\/index.php\/page-d-exemple\/","name":"Le \"don\" prend tout son sens - Yves Lebesgue","isPartOf":{"@id":"https:\/\/yves-lebesgue.fr\/#website"},"datePublished":"2019-05-20T08:32:07+00:00","dateModified":"2021-10-10T09:32:34+00:00","breadcrumb":{"@id":"https:\/\/yves-lebesgue.fr\/index.php\/page-d-exemple\/#breadcrumb"},"inLanguage":"fr-FR","potentialAction":[{"@type":"ReadAction","target":["https:\/\/yves-lebesgue.fr\/index.php\/page-d-exemple\/"]}]},{"@type":"BreadcrumbList","@id":"https:\/\/yves-lebesgue.fr\/index.php\/page-d-exemple\/#breadcrumb","itemListElement":[{"@type":"ListItem","position":1,"name":"Accueil","item":"https:\/\/yves-lebesgue.fr\/"},{"@type":"ListItem","position":2,"name":"Le \u00ab\u00a0don\u00a0\u00bb prend tout son sens"}]},{"@type":"WebSite","@id":"https:\/\/yves-lebesgue.fr\/#website","url":"https:\/\/yves-lebesgue.fr\/","name":"Yves Lebesgue","description":"Peintre du vexin","publisher":{"@id":"https:\/\/yves-lebesgue.fr\/#\/schema\/person\/ced448ce2b003f27c8bdc3309bf31be2"},"potentialAction":[{"@type":"SearchAction","target":{"@type":"EntryPoint","urlTemplate":"https:\/\/yves-lebesgue.fr\/?s={search_term_string}"},"query-input":"required name=search_term_string"}],"inLanguage":"fr-FR"},{"@type":["Person","Organization"],"@id":"https:\/\/yves-lebesgue.fr\/#\/schema\/person\/ced448ce2b003f27c8bdc3309bf31be2","name":"Yves","image":{"@type":"ImageObject","inLanguage":"fr-FR","@id":"https:\/\/yves-lebesgue.fr\/#\/schema\/person\/image\/","url":"https:\/\/secure.gravatar.com\/avatar\/481ddd57edab14b629ac4c492da6578dc0738ab08c2386303151cf9178df4793?s=96&d=mm&r=g","contentUrl":"https:\/\/secure.gravatar.com\/avatar\/481ddd57edab14b629ac4c492da6578dc0738ab08c2386303151cf9178df4793?s=96&d=mm&r=g","caption":"Yves"},"logo":{"@id":"https:\/\/yves-lebesgue.fr\/#\/schema\/person\/image\/"}}]}},"_links":{"self":[{"href":"https:\/\/yves-lebesgue.fr\/index.php\/wp-json\/wp\/v2\/pages\/2","targetHints":{"allow":["GET"]}}],"collection":[{"href":"https:\/\/yves-lebesgue.fr\/index.php\/wp-json\/wp\/v2\/pages"}],"about":[{"href":"https:\/\/yves-lebesgue.fr\/index.php\/wp-json\/wp\/v2\/types\/page"}],"author":[{"embeddable":true,"href":"https:\/\/yves-lebesgue.fr\/index.php\/wp-json\/wp\/v2\/users\/1"}],"replies":[{"embeddable":true,"href":"https:\/\/yves-lebesgue.fr\/index.php\/wp-json\/wp\/v2\/comments?post=2"}],"version-history":[{"count":9,"href":"https:\/\/yves-lebesgue.fr\/index.php\/wp-json\/wp\/v2\/pages\/2\/revisions"}],"predecessor-version":[{"id":683,"href":"https:\/\/yves-lebesgue.fr\/index.php\/wp-json\/wp\/v2\/pages\/2\/revisions\/683"}],"wp:attachment":[{"href":"https:\/\/yves-lebesgue.fr\/index.php\/wp-json\/wp\/v2\/media?parent=2"}],"curies":[{"name":"wp","href":"https:\/\/api.w.org\/{rel}","templated":true}]}}